{"id":783,"date":"2017-05-12T21:01:02","date_gmt":"2017-05-12T21:01:02","guid":{"rendered":"http:\/\/www.lorenavalero.es\/?page_id=783"},"modified":"2026-03-04T15:56:24","modified_gmt":"2026-03-04T15:56:24","slug":"agenda-2","status":"publish","type":"page","link":"https:\/\/www.lorenavalero.es\/en\/agenda-2\/","title":{"rendered":"Agenda"},"content":{"rendered":"<p><img loading=\"lazy\" decoding=\"async\" class=\"wp-image-854 aligncenter\" src=\"http:\/\/www.lorenavalero.es\/wp-content\/uploads\/2017\/05\/Foto-Vida-Breve-Lorena.jpg\" alt=\"Foto Vida Breve Lorena Valero\" width=\"636\" height=\"518\" srcset=\"https:\/\/www.lorenavalero.es\/wp-content\/uploads\/2017\/05\/Foto-Vida-Breve-Lorena.jpg 768w, https:\/\/www.lorenavalero.es\/wp-content\/uploads\/2017\/05\/Foto-Vida-Breve-Lorena-300x245.jpg 300w\" sizes=\"auto, (max-width: 636px) 100vw, 636px\" \/><\/p>\n<p><span dir=\"auto\">09\/08\/2026<\/span><br \/>\n<span dir=\"auto\">La del Manojo de Rosas<\/span><br \/>\n<span dir=\"auto\">(Asunci\u00f3n)<\/span><br \/>\n<span dir=\"auto\">Orquesta Sinf\u00f3nica y coro CullerArts<\/span><br \/>\n<span dir=\"auto\">Director: C. Soler<\/span><br \/>\n<span dir=\"auto\">&#8216;Festival de \u00d3pera al Aire Libre CullerArts&#8217;<\/span><\/p>\n<p><span dir=\"auto\">08\/08\/2026<\/span><br \/>\n<span dir=\"auto\">\u00d3pera en el cine<\/span><br \/>\n<span dir=\"auto\">Orquesta Sinf\u00f3nica y coro CullerArts<\/span><br \/>\n<span dir=\"auto\">Director: C. Soler<\/span><br \/>\n<span dir=\"auto\">&#8216;Festival de \u00d3pera Open-Air CullerArts&#8217;<\/span><\/p>\n<p><span dir=\"auto\">04\/04\/2026<\/span><br \/>\n<span dir=\"auto\">Recital tr\u00edo sopaire enchant\u00e9e<\/span><br \/>\n<span dir=\"auto\">Flauta: Vicent Morell\u00f3<\/span><br \/>\n<span dir=\"auto\">Pianista: Angel Torres<\/span><\/p>\n<p><span dir=\"auto\">03\/05\/2026<\/span><br \/>\n<span dir=\"auto\">Gala L\u00edrica<\/span><br \/>\n<span dir=\"auto\">Orquesta Sinf\u00f3nica de Viento de Lituania.<\/span><br \/>\n<span dir=\"auto\">Director: Crist\u00f3bal Soler<\/span><\/p>\n<p><span dir=\"auto\">23\/01\/2026<\/span><br \/>\n<span dir=\"auto\">Amor Brujo, M. De Falla.<\/span><br \/>\n<span dir=\"auto\">Orquesta Filarm\u00f3nica de Kielce, Polonia<\/span><br \/>\n<span dir=\"auto\">Direcci\u00f3n: Pascual Cabanes<\/span><\/p>\n<p><span dir=\"auto\">14\/12\/2025<\/span><br \/>\n<span dir=\"auto\">Carmina Burana, C.Off<\/span><br \/>\n<span dir=\"auto\">Banda de la diputaci\u00f3n provincial de Albacete<\/span><br \/>\n<span dir=\"auto\">Director: Crist\u00f3bal Soler<\/span><br \/>\n<span dir=\"auto\">Teatro Circo, Albacete<\/span><\/p>\n<p><span dir=\"auto\">10\/12\/2025<\/span><br \/>\n<span dir=\"auto\">Recital ben\u00e9fico, Madrigueras<\/span><br \/>\n<span dir=\"auto\">Pianista: \u00c1ngel Torres<\/span><\/p>\n<p><span dir=\"auto\">17\/10\/2025<\/span><br \/>\n<span dir=\"auto\">Gran gala l\u00edrica<\/span><br \/>\n<span dir=\"auto\">Harmonie Ensemble<\/span><br \/>\n<span dir=\"auto\">Direcci\u00f3n: Pascual Cabanes<\/span><br \/>\n<span dir=\"auto\">Iglesia de la Sang, Lliria<\/span><\/p>\n<p><span dir=\"auto\">11\/08\/2025<\/span><br \/>\n<span dir=\"auto\">Gran Gala L\u00edrica<\/span><br \/>\n<span dir=\"auto\">Harmonie Ensemble<\/span><br \/>\n<span dir=\"auto\">Direcci\u00f3n: Pascual Cabanes<\/span><br \/>\n<span dir=\"auto\">Sala Cultural, Albaida.<\/span><\/p>\n<p><span dir=\"auto\">15\/08\/2025<\/span><br \/>\n<span dir=\"auto\">AIDA. G. Verdi<\/span><br \/>\n<span dir=\"auto\">(Aida)<\/span><br \/>\n<span dir=\"auto\">Orquesta Sinf\u00f3nica y coro CullerArts<\/span><br \/>\n<span dir=\"auto\">Director: C. Soler<\/span><br \/>\n<span dir=\"auto\">&#8216;Festival de \u00d3pera Open-Air CullerArts&#8217;<\/span><\/p>\n<p><span dir=\"auto\">17\/08\/2025<\/span><br \/>\n<span dir=\"auto\">GALA L\u00cdRICA<\/span><br \/>\n<span dir=\"auto\">Orquesta Sinf\u00f3nica y coro CullerArts<\/span><br \/>\n<span dir=\"auto\">Director: C. Soler<\/span><br \/>\n<span dir=\"auto\">&#8216;Festival de \u00d3pera Open-Air CullerArts&#8217;<\/span><\/p>\n<p><span dir=\"auto\">17\/12\/2024<\/span><br \/>\n<span dir=\"auto\">PORGY Y BESS G. Gershwin.<\/span><br \/>\n<span dir=\"auto\">(SERENA)<\/span><br \/>\n<span dir=\"auto\">Auditorio Monumental de Madrid<\/span><br \/>\n<span dir=\"auto\">Banda Sinf\u00f3nica de Madrid.<\/span><br \/>\n<span dir=\"auto\">Director: Jan Cover<\/span><\/p>\n<p><span dir=\"auto\">06,07\/12\/2024<\/span><br \/>\n<span dir=\"auto\">SINFON\u00cdA n\u00fam. 2 \u201cRESURRECCI\u00d3N\u201d G. Mahler<\/span><br \/>\n<span dir=\"auto\">Orquesta Sinf\u00f3nica Esmar<\/span><br \/>\n<span dir=\"auto\">Director: Pascual Cabanes.<\/span><br \/>\n<span dir=\"auto\">Auditorio de Torrente\/Auditorio de Cullera.<\/span><\/p>\n<p><span dir=\"auto\">23,24\/11\/3024<\/span><br \/>\n<span dir=\"auto\">GALA L\u00cdRICA<\/span><br \/>\n<span dir=\"auto\">Auditorio Pr\u00edncipe Felipe, Oviedo<\/span><br \/>\n<span dir=\"auto\">Banda Ciudad de Oviedo Director: Crist\u00f3bal Soler<\/span><\/p>\n<p><span dir=\"auto\">09,10,26,30\/11\/2024<\/span><br \/>\n<span dir=\"auto\">Gira Homenaje G.Puccini en Castilla La Mancha junto al pianista \u00c1ngel Torres.<\/span><\/p>\n<p><span dir=\"auto\">12,13,14,15\/09\/2024<\/span><br \/>\n<span dir=\"auto\">\u201cVier letzte Lieder\u201d R. Strauss.<\/span><br \/>\n<span dir=\"auto\">Gira junto a la Joven Orquesta Sinf\u00f3nica de la FSMCV y su director art\u00edstico C. Soler.<\/span><\/p>\n<p><span dir=\"auto\">08\/02\/2024<\/span><br \/>\n<span dir=\"auto\">CAVALLERIA RUSTICANA P.Mascagni<\/span><br \/>\n<span dir=\"auto\">(Santuzza)<\/span><br \/>\n<span dir=\"auto\">Orquesta Sinf\u00f3nica y coro CullerArts<\/span><br \/>\n<span dir=\"auto\">Director: C. Soler<\/span><br \/>\n<span dir=\"auto\">&#8216;Festival de \u00d3pera Open-Air CullerArts&#8217;<\/span><\/p>\n<p><span dir=\"auto\">08\/04\/2024<\/span><br \/>\n<span dir=\"auto\">GALA L\u00cdRICA<\/span><br \/>\n<span dir=\"auto\">Orquesta Sinf\u00f3nica y coro CullerArts<\/span><br \/>\n<span dir=\"auto\">Director: C. Soler<\/span><br \/>\n<span dir=\"auto\">&#8216;Festival de \u00d3pera Open-Air CullerArts&#8217;<\/span><\/p>\n<p><span dir=\"auto\">23\/12\/2023<\/span><br \/>\n<span dir=\"auto\">GALA L\u00cdRICA Opereta y zarzuela<\/span><br \/>\n<span dir=\"auto\">Palacio de la \u00d3pera de A Coru\u00f1a<\/span><br \/>\n<span dir=\"auto\">Orquesta Sinf\u00f3nica de Galicia.<\/span><br \/>\n<span dir=\"auto\">Direcci\u00f3n: C. Soler.<\/span><\/p>\n<p><span dir=\"auto\">15\/11\/2023<\/span><br \/>\n<span dir=\"auto\">RECITAL: Mozart\/ Martin i Soler Clavec\u00edn:\u00a0Centro Cultural<\/span><br \/>\n<span dir=\"auto\">Ignasi Jord\u00e0 La Nau\u00a0Capilla de la Sapiencia<\/span><\/p>\n<p><span dir=\"auto\">04, 05, 11 y 12 \/02\/ 2023<\/span><br \/>\n<span dir=\"auto\">Sant Miquel dels Reis<\/span><br \/>\n<span dir=\"auto\">ESTRENO ABSOLUTO TRANSMUTACIONS DE PEP LLOPIS.<\/span><br \/>\n<span dir=\"auto\">Colegio Instrumental de Valencia.<\/span><br \/>\n<span dir=\"auto\">Crist\u00f3bal Soler, Director.<\/span><\/p>\n<p><span dir=\"auto\">04\/ 03\/ 2023\u00a0RECITAL<\/span><br \/>\n<span dir=\"auto\">Auditorio de Alc\u00e1sser<\/span><\/p>\n<p><span dir=\"auto\">01\/ 04\/ 2023<\/span><br \/>\n<span dir=\"auto\">Auditorio de Ll\u00edria<\/span><br \/>\n<span dir=\"auto\">R\u00c9QUIEM DE MOZART<\/span><br \/>\n<span dir=\"auto\">Orquesta Sinf\u00f3nica Primitiva de Ll\u00edria<\/span><br \/>\n<span dir=\"auto\">Manuel Galduf, director.<\/span><\/p>\n<p><span dir=\"auto\">2, 3 y 4 \/01 \/ 2023<\/span><br \/>\n<span dir=\"auto\">Teatro Cervantes de M\u00e1laga\/ Auditorio de Torremolinos y Auditorio de Estepona<\/span><br \/>\n<span dir=\"auto\">CONCIERTO DE A\u00d1O NUEVO<\/span><br \/>\n<span dir=\"auto\">Orquesta Filarm\u00f3nica de M\u00e1laga<\/span><br \/>\n<span dir=\"auto\">Crist\u00f3bal Soler, Director.<\/span><\/p>\n<p><span dir=\"auto\">18\/12\/ 2022<\/span><br \/>\n<span dir=\"auto\">Ciclo de conciertos Harmonie Ensenble<\/span><br \/>\n<span dir=\"auto\">STABAT MATER. PERGOLESI<\/span><br \/>\n<span dir=\"auto\">Harmonie Ensemble<\/span><br \/>\n<span dir=\"auto\">Daniel Ros, director.<\/span><\/p>\n<p><span dir=\"auto\">17\/ 09\/ 2022<\/span><br \/>\n<span dir=\"auto\">Teatro Monumental de Madrid<\/span><br \/>\n<span dir=\"auto\">CANTOS D&#8217;AUVERGE. CANTELOUBE<\/span><br \/>\n<span dir=\"auto\">Jove Orquestra Sinf\u00f3nica de la FSMCV<\/span><br \/>\n<span dir=\"auto\">Crist\u00f3bal Soler, director.<\/span><\/p>\n<p><span dir=\"auto\">16\/ 09\/ 2022<\/span><br \/>\n<span dir=\"auto\">Teatro Gayarre de Pamplona<\/span><br \/>\n<span dir=\"auto\">CANTOS D&#8217;AUVERGE. CANTELOUBE<\/span><br \/>\n<span dir=\"auto\">Jove Orquestra Sinf\u00f3nica de la FSMCV<\/span><br \/>\n<span dir=\"auto\">Crist\u00f3bal Soler, director.<\/span><\/p>\n<p><span dir=\"auto\">05 \/08\/ 2022<\/span><br \/>\n<span dir=\"auto\">Festival \u00d3pera OpenAir Cullera<\/span><br \/>\n<span dir=\"auto\">CARMEN. G.BIZET<\/span><br \/>\n<span dir=\"auto\">(Carmen)<\/span><br \/>\n<span dir=\"auto\">Orquesta CullerArts<\/span><br \/>\n<span dir=\"auto\">Crist\u00f3bal Soler, director.<\/span><\/p>\n<p><span dir=\"auto\">07\/ 08\/ 2022<\/span><br \/>\n<span dir=\"auto\">Festival \u00d3pera OpenAir Cullera<\/span><br \/>\n<span dir=\"auto\">GALA L\u00cdRICA<\/span><br \/>\n<span dir=\"auto\">Orquesta CullerArts<\/span><br \/>\n<span dir=\"auto\">Crist\u00f3bal Soler, director<\/span><\/p>\n<p><span dir=\"auto\">23\/ 03\/ 2022<\/span><br \/>\n<span dir=\"auto\">La Nau ( Valencia)<\/span><br \/>\n<span dir=\"auto\">CONCIERTO BARROCO EUROPEO<\/span><br \/>\n<span dir=\"auto\">Harmonie Ensemble.<\/span><br \/>\n<span dir=\"auto\">Pascual Caba\u00f1es, director<\/span><\/p>\n<p><span dir=\"auto\">03\/11\/ 2022 \u2013 19:30<\/span><br \/>\n<span dir=\"auto\">ADDA, Alicante<\/span><br \/>\n<span dir=\"auto\">GALA L\u00cdRICA<\/span><br \/>\n<span dir=\"auto\">Orquesta Sinf\u00f3nica del ADDA.<\/span><br \/>\n<span dir=\"auto\">Crist\u00f3bal Soler, director.<\/span><\/p>\n<p><span dir=\"auto\">27\/ 02\/ 2022 \u2013 18h<\/span><br \/>\n<span dir=\"auto\">Palau de les Arts.<\/span><br \/>\n<span dir=\"auto\">GALA L\u00cdRICA<\/span><br \/>\n<span dir=\"auto\">Orquesta Sinf\u00f3nica de la FSMCV.<\/span><br \/>\n<span dir=\"auto\">Crist\u00f3bal Soler, director.<\/span><\/p>\n<p><span dir=\"auto\">12 \/ 11 \/ 2021 \u2013 19h<\/span><br \/>\n<span dir=\"auto\">Iglesia \u201c La sang\u201d Ll\u00edria<\/span><br \/>\n<span dir=\"auto\">STABAT MATER. A. Vivaldi<\/span><br \/>\n<span dir=\"auto\">SALVE REGINA. A. Scarlatti<\/span><br \/>\n<span dir=\"auto\">Concordia Musicae<\/span><br \/>\n<span dir=\"auto\">Crist\u00f3bal Soler, director.<\/span><\/p>\n<p><span dir=\"auto\">18 y 19 \/ 12\/ 2021 \u2013 19:30h<\/span><br \/>\n<span dir=\"auto\">La Colegiata, Gand\u00eda<\/span><br \/>\n<span dir=\"auto\">ORATORIO DE NAVIDAD. JS Bach<\/span><br \/>\n<span dir=\"auto\">Concordia Musicae<\/span><br \/>\n<span dir=\"auto\">Crist\u00f3bal Soler, director.<\/span><\/p>\n<p><span dir=\"auto\">27\/11\/2021 \u2013 19h<\/span><br \/>\n<span dir=\"auto\">Teatro Auditorio de Ll\u00edria<\/span><br \/>\n<span dir=\"auto\">SINFON\u00cdA N\u00b04 G. Mahler<\/span><br \/>\n<span dir=\"auto\">Lorena Valero, mezzosoprano<\/span><br \/>\n<span dir=\"auto\">Conjunto Plural<\/span><br \/>\n<span dir=\"auto\">Fabi\u00e1n Panisello, director.<\/span><\/p>\n<p><span dir=\"auto\">24 \/ 10\/ 2021 \u2013 19:30h<\/span><br \/>\n<span dir=\"auto\">Teatro Auditorio de Cullera<\/span><br \/>\n<span dir=\"auto\">DAS LIED VOR DER ERDE. G. Mahler<\/span><br \/>\n<span dir=\"auto\">Lorena Valero, mezzosoprano<\/span><br \/>\n<span dir=\"auto\">Alberto Guardiola, tenor.<\/span><br \/>\n<span dir=\"auto\">Collegium Instrumentale<\/span><br \/>\n<span dir=\"auto\">Salvador Sebasti\u00e0, director.<\/span><\/p>\n<p><span dir=\"auto\">24\/04\/2021<\/span><br \/>\n<span dir=\"auto\">Pierrot Lunaire. A. Sch\u00f6nberg<\/span><br \/>\n<span dir=\"auto\">Ciclo de conciertos 2020-21. Asociaci\u00f3n de conciertos de Reus<\/span><\/p>\n<p><span dir=\"auto\">25\/04\/2021<\/span><br \/>\n<span dir=\"auto\">Pierrot Lunaire. A. Sch\u00f6nberg<\/span><br \/>\n<span dir=\"auto\">Ciclo armon\u00eda 2021<\/span><br \/>\n<span dir=\"auto\">Harmonie Ensemble<\/span><br \/>\n<span dir=\"auto\">Director: Fabi\u00e1n Panisello<\/span><\/p>\n<p><span dir=\"auto\">13 \/ 12 \/ 2020<\/span><br \/>\n<span dir=\"auto\">R\u00e9quiem de Mozart<\/span><br \/>\n<span dir=\"auto\">Colegiata de Gand\u00eda<\/span><br \/>\n<span dir=\"auto\">Concordia Musicae<\/span><br \/>\n<span dir=\"auto\">Crist\u00f3bal Soler, director<\/span><\/p>\n<p><span dir=\"auto\">26 \/ 12\/ 2020<\/span><br \/>\n<span dir=\"auto\">Recital<\/span><br \/>\n<span dir=\"auto\">Auditorio de Ll\u00edria<\/span><br \/>\n<span dir=\"auto\">17\/07\/2019<\/span><br \/>\n<span dir=\"auto\">Amor Brujo. Festival\u00a0M. de Falla<\/span><br \/>\n<span dir=\"auto\">de Guimaraes<\/span><\/p>\n<p><span dir=\"auto\">08\/09\/2019<\/span><br \/>\n<span dir=\"auto\">Gala L\u00edrica con Orquesta y Coro de RTVE<\/span><br \/>\n<span dir=\"auto\">Palacio de Aranjuez<\/span><\/p>\n<p><span dir=\"auto\">12, 13\/09\/2019<\/span><br \/>\n<span dir=\"auto\">Gala L\u00edrica con Orquesta y Coro de RTVE<\/span><br \/>\n<span dir=\"auto\">Teatro Monumental, Madrid<\/span><\/p>\n<p><span dir=\"auto\">03, 05, 07 \/ 04 \/ 2019<\/span><br \/>\n<span dir=\"auto\">MADAME MARIPOSA. G. Puccini<\/span><br \/>\n<span dir=\"auto\">(Suzuki)<\/span><br \/>\n<span dir=\"auto\">Teatro Principal de Mallorca<\/span><\/p>\n<p><span dir=\"auto\">14 \/ 04 \/ 2019<\/span><br \/>\n<span dir=\"auto\">MISA SOLEMNIS. Museo\u00a0Beethoven<\/span><br \/>\n<span dir=\"auto\">del Dinheiro, Lisboa<\/span><\/p>\n<p><span dir=\"auto\">17 \/ 04\/ 2019<\/span><br \/>\n<span dir=\"auto\">MISA SOLEMNIS. Festival\u00a0Beethoven<\/span><br \/>\n<span dir=\"auto\">SMR de Cuenca<\/span><\/p>\n<p><span dir=\"auto\">27 \/ 10 \/ 2018<\/span><br \/>\n<span dir=\"auto\">AMOR BRUJO. M. de Falla<\/span><br \/>\n<span dir=\"auto\">Teatro Municipal de R\u00edo de Janeiro<\/span><\/p>\n<p><span dir=\"auto\">14,15 \/ 02 \/ 2018<\/span><br \/>\n<span dir=\"auto\">MADAMA MARIPOSA. G. Puccini<\/span><br \/>\n<span dir=\"auto\">(Suzuki)<\/span><br \/>\n<span dir=\"auto\">Teatro Cilea. Regio de Calabria<\/span><\/p>\n<p><span dir=\"auto\">30 \/ 03 \/ 2018<\/span><br \/>\n<span dir=\"auto\">R\u00c9QUIEM. K 626 WA<\/span><br \/>\n<span dir=\"auto\">Festival Mozart de la SMR de Cuenca<\/span><\/p>\n<p><span dir=\"auto\">13 \/ 10 \/ 2017<\/span><br \/>\n<span dir=\"auto\">LA MAJA DOLOROSA. E.Granados\/ AMOR BRUJO. M. de Falla<\/span><br \/>\n<span dir=\"auto\">Teatro Municipal de Sao Paulo<\/span><\/p>\n<p><span dir=\"auto\">16\/ 12\/ 2017<\/span><br \/>\n<span dir=\"auto\">MES\u00cdAS HWV 56. GF H\u00e4ndel<\/span><br \/>\n<span dir=\"auto\">Catedral de Toledo<\/span><\/p>\n<p><span dir=\"auto\">07 \/ 05 \/2017<\/span><br \/>\n<span dir=\"auto\">GOYESCAS. E. Granados<\/span><br \/>\n<span dir=\"auto\">(Rosario)<\/span><br \/>\n<span dir=\"auto\">Teatro de la Llotja de Lleida<\/span><\/p>\n<p><span dir=\"auto\">05 \/ 02 \/ 2017<\/span><br \/>\n<span dir=\"auto\">\u201cEl Sombrero de Tres Picos\u201d Manuel de Falla<\/span><br \/>\n<span dir=\"auto\">Teatro di San Carlo de N\u00e1poles<\/span><\/p>\n<p><span dir=\"auto\">28, 29 \/ 11 \/ 2016<\/span><br \/>\n<span dir=\"auto\">\u201cEl Corregidor y la Molinera\u201d Manuel de Falla<\/span><br \/>\n<span dir=\"auto\">\u201cLa Maja Dolorosa I, II, III\u201d E. Granados<\/span><br \/>\n<span dir=\"auto\">\u201cLa Maja y el Ruise\u00f1or\u201d E. Granados<\/span><br \/>\n<span dir=\"auto\">Auditorio Manuel de Falla<\/span><br \/>\n<span dir=\"auto\">Festival de M\u00fasica Espa\u00f1ola de C\u00e1diz<\/span><br \/>\n<span dir=\"auto\">Orquesta Ciudad de Granada<\/span><\/p>\n<p><span dir=\"auto\">14 \/ 10 \/ 2016<\/span><br \/>\n<span dir=\"auto\">GOYESCAS E. Granados (versi\u00f3n concierto)<\/span><br \/>\n<span dir=\"auto\">Palau de la M\u00fasica de Valencia<\/span><br \/>\n<span dir=\"auto\">Orquesta de Valencia<\/span><\/p>\n<p><span dir=\"auto\">3, 5, 7 \/ 06 \/ 2016<\/span><br \/>\n<span dir=\"auto\">CAVALLERIA RUSTICANA. P. Mascagni<\/span><br \/>\n<span dir=\"auto\">(Santuzza)<\/span><br \/>\n<span dir=\"auto\">\u00d3pera-Teatro-Metz-M\u00e9tropole<\/span><\/p>\n<p><span dir=\"auto\">3, 5, 7 \/ 06 \/ 2016<\/span><br \/>\n<span dir=\"auto\">MEFISTOFELE A. Boito<\/span><br \/>\n<span dir=\"auto\">(Elena)<\/span><br \/>\n<span dir=\"auto\">\u00d3pera \u2013 Neuch\u00e2tel. Suiza<\/span><\/p>\n<p><span dir=\"auto\">26 de Julio de 2014<\/span><br \/>\n<span dir=\"auto\">AIDA Verdi<\/span><br \/>\n<span dir=\"auto\">(Aida) Aida<\/span><br \/>\n<span dir=\"auto\">Oper im Berg Festival, Salzburgo<\/span><br \/>\n<span dir=\"auto\">19 de Julio de 2014<\/span><br \/>\n<span dir=\"auto\">Operngala in Hommenage L. Pavarotti Oper im Berg Festival, Salzburgo<\/span><\/p>\n<p><span dir=\"auto\">13,15 y 17 junio de 2014<\/span><br \/>\n<span dir=\"auto\">LA VIDA BREVE M. de Falla<\/span><br \/>\n<span dir=\"auto\">(Salud)<\/span><br \/>\n<span dir=\"auto\">Op\u00e9ra-Th\u00e9\u00e2tre Metz M\u00e9tropole<\/span><br \/>\n<span dir=\"auto\">06\/07\/2013<\/span><br \/>\n<span dir=\"auto\">\u201cEl Hu\u00e9sped del Sevillano\u201d J.Guerrero<\/span><br \/>\n<span dir=\"auto\">Raquel ORTVE<\/span><br \/>\n<span dir=\"auto\">Teatro Monumental, Madrid<\/span><\/p>\n<p><span dir=\"auto\">01\/01\/2013<\/span><br \/>\n<span dir=\"auto\">Gala L\u00edrica Presentaci\u00f3n de la Barbieri Orquesta Sinf\u00f3nica<\/span><br \/>\n<span dir=\"auto\">Teatro de la Zarzuela, Madrid<\/span><\/p>\n<p><span dir=\"auto\">22, 23, 29\/12\/2012<\/span><br \/>\n<span dir=\"auto\">2, 3, 4\/01\/2013<\/span><br \/>\n<span dir=\"auto\">\u201cCuento de Navidad\u201d I. Casal\u00ed Sra. Dilber \u00d3pera de C\u00e1mara de Navarra<\/span><br \/>\n<span dir=\"auto\">Teatro Gayarre, Pamplona<\/span><br \/>\n<span dir=\"auto\">Teatro Arriaga, Bilbao<\/span><\/p>\n","protected":false},"excerpt":{"rendered":"<p>09\/08\/2026 La del Manojo de Rosas (Asunci\u00f3n) Orquesta Sinf\u00f3nica y coro CullerArts Director: C. Soler &#8216;Festival de \u00d3pera al Aire Libre CullerArts&#8217; 08\/08\/2026 \u00d3pera en el cine Orquesta Sinf\u00f3nica y coro CullerArts Director: C. Soler &#8216;Festival de \u00d3pera Open-Air CullerArts&#8217; 04\/04\/2026 Recital tr\u00edo sopaire enchant\u00e9e Flauta: Vicent Morell\u00f3 Pianista: Angel Torres 03\/05\/2026 Gala L\u00edrica Orquesta [&hellip;]<\/p>\n","protected":false},"author":1,"featured_media":0,"parent":0,"menu_order":0,"comment_status":"closed","ping_status":"closed","template":"","meta":{"_genesis_hide_title":false,"_genesis_hide_breadcrumbs":false,"_genesis_hide_singular_image":false,"_genesis_hide_footer_widgets":false,"_genesis_custom_body_class":"","_genesis_custom_post_class":"","_genesis_layout":"","footnotes":""},"class_list":{"0":"post-783","1":"page","2":"type-page","3":"status-publish","5":"entry"},"yoast_head":"<!-- This site is optimized with the Yoast SEO plugin v27.5 - https:\/\/yoast.com\/product\/yoast-seo-wordpress\/ -->\n<title>Lorena Valero, mezzosoprano. Agenda<\/title>\n<meta name=\"robots\" content=\"index, follow, max-snippet:-1, max-image-preview:large, max-video-preview:-1\" \/>\n<link rel=\"canonical\" href=\"https:\/\/www.lorenavalero.es\/agenda-2\/\" \/>\n<meta property=\"og:locale\" content=\"en_US\" \/>\n<meta property=\"og:type\" content=\"article\" \/>\n<meta property=\"og:title\" content=\"Lorena Valero, mezzosoprano. Agenda\" \/>\n<meta property=\"og:description\" content=\"09\/08\/2026 La del Manojo de Rosas (Asunci\u00f3n) Orquesta Sinf\u00f3nica y coro CullerArts Director: C. Soler &#8216;Festival de \u00d3pera al Aire Libre CullerArts&#8217; 08\/08\/2026 \u00d3pera en el cine Orquesta Sinf\u00f3nica y coro CullerArts Director: C. Soler &#8216;Festival de \u00d3pera Open-Air CullerArts&#8217; 04\/04\/2026 Recital tr\u00edo sopaire enchant\u00e9e Flauta: Vicent Morell\u00f3 Pianista: Angel Torres 03\/05\/2026 Gala L\u00edrica Orquesta [&hellip;]\" \/>\n<meta property=\"og:url\" content=\"https:\/\/www.lorenavalero.es\/agenda-2\/\" \/>\n<meta property=\"article:modified_time\" content=\"2026-03-04T15:56:24+00:00\" \/>\n<meta property=\"og:image\" content=\"http:\/\/www.lorenavalero.es\/wp-content\/uploads\/2017\/05\/Foto-Vida-Breve-Lorena.jpg\" \/>\n<meta name=\"twitter:card\" content=\"summary_large_image\" \/>\n<meta name=\"twitter:label1\" content=\"Est. reading time\" \/>\n\t<meta name=\"twitter:data1\" content=\"10 minutes\" \/>\n<script type=\"application\/ld+json\" class=\"yoast-schema-graph\">{\"@context\":\"https:\\\/\\\/schema.org\",\"@graph\":[{\"@type\":\"WebPage\",\"@id\":\"https:\\\/\\\/www.lorenavalero.es\\\/agenda-2\\\/\",\"url\":\"https:\\\/\\\/www.lorenavalero.es\\\/agenda-2\\\/\",\"name\":\"Lorena Valero, mezzosoprano. Agenda\",\"isPartOf\":{\"@id\":\"http:\\\/\\\/www.lorenavalero.es\\\/#website\"},\"primaryImageOfPage\":{\"@id\":\"https:\\\/\\\/www.lorenavalero.es\\\/agenda-2\\\/#primaryimage\"},\"image\":{\"@id\":\"https:\\\/\\\/www.lorenavalero.es\\\/agenda-2\\\/#primaryimage\"},\"thumbnailUrl\":\"http:\\\/\\\/www.lorenavalero.es\\\/wp-content\\\/uploads\\\/2017\\\/05\\\/Foto-Vida-Breve-Lorena.jpg\",\"datePublished\":\"2017-05-12T21:01:02+00:00\",\"dateModified\":\"2026-03-04T15:56:24+00:00\",\"breadcrumb\":{\"@id\":\"https:\\\/\\\/www.lorenavalero.es\\\/agenda-2\\\/#breadcrumb\"},\"inLanguage\":\"en-US\",\"potentialAction\":[{\"@type\":\"ReadAction\",\"target\":[\"https:\\\/\\\/www.lorenavalero.es\\\/agenda-2\\\/\"]}]},{\"@type\":\"ImageObject\",\"inLanguage\":\"en-US\",\"@id\":\"https:\\\/\\\/www.lorenavalero.es\\\/agenda-2\\\/#primaryimage\",\"url\":\"http:\\\/\\\/www.lorenavalero.es\\\/wp-content\\\/uploads\\\/2017\\\/05\\\/Foto-Vida-Breve-Lorena.jpg\",\"contentUrl\":\"http:\\\/\\\/www.lorenavalero.es\\\/wp-content\\\/uploads\\\/2017\\\/05\\\/Foto-Vida-Breve-Lorena.jpg\"},{\"@type\":\"BreadcrumbList\",\"@id\":\"https:\\\/\\\/www.lorenavalero.es\\\/agenda-2\\\/#breadcrumb\",\"itemListElement\":[{\"@type\":\"ListItem\",\"position\":1,\"name\":\"Portada\",\"item\":\"http:\\\/\\\/www.lorenavalero.es\\\/\"},{\"@type\":\"ListItem\",\"position\":2,\"name\":\"Agenda\"}]},{\"@type\":\"WebSite\",\"@id\":\"http:\\\/\\\/www.lorenavalero.es\\\/#website\",\"url\":\"http:\\\/\\\/www.lorenavalero.es\\\/\",\"name\":\"\",\"description\":\"Otro sitio realizado con WordPress\",\"potentialAction\":[{\"@type\":\"SearchAction\",\"target\":{\"@type\":\"EntryPoint\",\"urlTemplate\":\"http:\\\/\\\/www.lorenavalero.es\\\/?s={search_term_string}\"},\"query-input\":{\"@type\":\"PropertyValueSpecification\",\"valueRequired\":true,\"valueName\":\"search_term_string\"}}],\"inLanguage\":\"en-US\"}]}<\/script>\n<!-- \/ Yoast SEO plugin. -->","yoast_head_json":{"title":"Lorena Valero, mezzosoprano. Agenda","robots":{"index":"index","follow":"follow","max-snippet":"max-snippet:-1","max-image-preview":"max-image-preview:large","max-video-preview":"max-video-preview:-1"},"canonical":"https:\/\/www.lorenavalero.es\/agenda-2\/","og_locale":"en_US","og_type":"article","og_title":"Lorena Valero, mezzosoprano. Agenda","og_description":"09\/08\/2026 La del Manojo de Rosas (Asunci\u00f3n) Orquesta Sinf\u00f3nica y coro CullerArts Director: C. Soler &#8216;Festival de \u00d3pera al Aire Libre CullerArts&#8217; 08\/08\/2026 \u00d3pera en el cine Orquesta Sinf\u00f3nica y coro CullerArts Director: C. Soler &#8216;Festival de \u00d3pera Open-Air CullerArts&#8217; 04\/04\/2026 Recital tr\u00edo sopaire enchant\u00e9e Flauta: Vicent Morell\u00f3 Pianista: Angel Torres 03\/05\/2026 Gala L\u00edrica Orquesta [&hellip;]","og_url":"https:\/\/www.lorenavalero.es\/agenda-2\/","article_modified_time":"2026-03-04T15:56:24+00:00","og_image":[{"url":"http:\/\/www.lorenavalero.es\/wp-content\/uploads\/2017\/05\/Foto-Vida-Breve-Lorena.jpg","type":"","width":"","height":""}],"twitter_card":"summary_large_image","twitter_misc":{"Est. reading time":"10 minutes"},"schema":{"@context":"https:\/\/schema.org","@graph":[{"@type":"WebPage","@id":"https:\/\/www.lorenavalero.es\/agenda-2\/","url":"https:\/\/www.lorenavalero.es\/agenda-2\/","name":"Lorena Valero, mezzosoprano. Agenda","isPartOf":{"@id":"http:\/\/www.lorenavalero.es\/#website"},"primaryImageOfPage":{"@id":"https:\/\/www.lorenavalero.es\/agenda-2\/#primaryimage"},"image":{"@id":"https:\/\/www.lorenavalero.es\/agenda-2\/#primaryimage"},"thumbnailUrl":"http:\/\/www.lorenavalero.es\/wp-content\/uploads\/2017\/05\/Foto-Vida-Breve-Lorena.jpg","datePublished":"2017-05-12T21:01:02+00:00","dateModified":"2026-03-04T15:56:24+00:00","breadcrumb":{"@id":"https:\/\/www.lorenavalero.es\/agenda-2\/#breadcrumb"},"inLanguage":"en-US","potentialAction":[{"@type":"ReadAction","target":["https:\/\/www.lorenavalero.es\/agenda-2\/"]}]},{"@type":"ImageObject","inLanguage":"en-US","@id":"https:\/\/www.lorenavalero.es\/agenda-2\/#primaryimage","url":"http:\/\/www.lorenavalero.es\/wp-content\/uploads\/2017\/05\/Foto-Vida-Breve-Lorena.jpg","contentUrl":"http:\/\/www.lorenavalero.es\/wp-content\/uploads\/2017\/05\/Foto-Vida-Breve-Lorena.jpg"},{"@type":"BreadcrumbList","@id":"https:\/\/www.lorenavalero.es\/agenda-2\/#breadcrumb","itemListElement":[{"@type":"ListItem","position":1,"name":"Portada","item":"http:\/\/www.lorenavalero.es\/"},{"@type":"ListItem","position":2,"name":"Agenda"}]},{"@type":"WebSite","@id":"http:\/\/www.lorenavalero.es\/#website","url":"http:\/\/www.lorenavalero.es\/","name":"","description":"Otro sitio realizado con WordPress","potentialAction":[{"@type":"SearchAction","target":{"@type":"EntryPoint","urlTemplate":"http:\/\/www.lorenavalero.es\/?s={search_term_string}"},"query-input":{"@type":"PropertyValueSpecification","valueRequired":true,"valueName":"search_term_string"}}],"inLanguage":"en-US"}]}},"_links":{"self":[{"href":"https:\/\/www.lorenavalero.es\/en\/wp-json\/wp\/v2\/pages\/783","targetHints":{"allow":["GET"]}}],"collection":[{"href":"https:\/\/www.lorenavalero.es\/en\/wp-json\/wp\/v2\/pages"}],"about":[{"href":"https:\/\/www.lorenavalero.es\/en\/wp-json\/wp\/v2\/types\/page"}],"author":[{"embeddable":true,"href":"https:\/\/www.lorenavalero.es\/en\/wp-json\/wp\/v2\/users\/1"}],"replies":[{"embeddable":true,"href":"https:\/\/www.lorenavalero.es\/en\/wp-json\/wp\/v2\/comments?post=783"}],"version-history":[{"count":165,"href":"https:\/\/www.lorenavalero.es\/en\/wp-json\/wp\/v2\/pages\/783\/revisions"}],"predecessor-version":[{"id":1607,"href":"https:\/\/www.lorenavalero.es\/en\/wp-json\/wp\/v2\/pages\/783\/revisions\/1607"}],"wp:attachment":[{"href":"https:\/\/www.lorenavalero.es\/en\/wp-json\/wp\/v2\/media?parent=783"}],"curies":[{"name":"wp","href":"https:\/\/api.w.org\/{rel}","templated":true}]}}